{"id":27,"date":"2015-06-24T15:03:37","date_gmt":"2015-06-24T14:03:37","guid":{"rendered":"http:\/\/www.verts-vd.ch\/jeunesverts\/?page_id=27"},"modified":"2017-08-25T14:12:20","modified_gmt":"2017-08-25T13:12:20","slug":"adherer-aux-jeunes-vert%c2%b7e%c2%b7s","status":"publish","type":"page","link":"https:\/\/www.verts-vd.ch\/jeunesverts\/adherer-aux-jeunes-vert%c2%b7e%c2%b7s\/","title":{"rendered":"Adh\u00e9rer aux Jeunes Vert\u00b7e\u00b7s"},"content":{"rendered":"<p class=\"align-center\"><a href=\"https:\/\/www.jeunesverts.ch\/participer\">Devenez membres des Jeunes Verts<\/a><\/p>\n<p>Vous pouvez \u00e9galement nous contacter \u00e0 l&#8217;adresse suivante : <a href=\"mailto:jeunesverts.vd@gmail.com\">jeunesverts.vd(at)gmail.com\u00a0<\/a><\/p>\n<p>La cotisation pour une ann\u00e9e se monte \u00e0 15.-<\/p>\n<p class=\"align-center\">Vous pouvez aussi nous faire un don, qui sera grandement appr\u00e9ci\u00e9 lors de la mise sur pied d&#8217;une de nos actions, avec les coordonn\u00e9es bancaires suivantes (d&#8217;avance un grand MERCI !)\u00a0:<\/p>\n<p class=\"align-center\"><span class=\"Apple-style-span\">IBAN: CH15 0839 0030 6853 1000 9<\/span><span class=\"Apple-style-span\"><br \/>\n<\/span><span class=\"Apple-style-span\">Jeunes Vert-e-s Vaudois-es<\/span><span class=\"Apple-style-span\"><br \/>\n<\/span><span class=\"Apple-style-span\">Place de la Palud 7<\/span><span class=\"Apple-style-span\"><br \/>\n<\/span><span class=\"Apple-style-span\">1003 Lausanne<\/span><\/p>\n<!-- AddThis Advanced Settings generic via filter on the_content --><!-- AddThis Share Buttons generic via filter on the_content -->","protected":false},"excerpt":{"rendered":"<p>Devenez membres des Jeunes Verts Vous pouvez \u00e9galement nous contacter \u00e0 l&#8217;adresse suivante : jeunesverts.vd(at)gmail.com\u00a0 La cotisation pour une ann\u00e9e se monte \u00e0 15.- Vous pouvez aussi nous faire un don, qui sera grandement appr\u00e9ci\u00e9 lors de la mise sur pied d&#8217;une de nos actions, avec les coordonn\u00e9es bancaires suivantes (d&#8217;avance un grand MERCI !)\u00a0: &hellip; <a href=\"https:\/\/www.verts-vd.ch\/jeunesverts\/adherer-aux-jeunes-vert%c2%b7e%c2%b7s\/\" class=\"more-link\">La suite <span class=\"meta-nav\">&rarr;<\/span><\/a><!-- AddThis Advanced Settings generic via filter on wp_trim_excerpt --><!-- AddThis Share Buttons generic via filter on wp_trim_excerpt --><\/p>\n","protected":false},"author":5,"featured_media":0,"parent":0,"menu_order":0,"comment_status":"open","ping_status":"open","template":"","meta":{"spay_email":""},"yoast_head":"<!-- This site is optimized with the Yoast SEO plugin v15.5 - https:\/\/yoast.com\/wordpress\/plugins\/seo\/ -->\n<meta name=\"robots\" content=\"index, follow, max-snippet:-1, max-image-preview:large, max-video-preview:-1\" \/>\n<link rel=\"canonical\" href=\"http:\/\/www.verts-vd.ch\/jeunesverts\/adherer-aux-jeunes-vert\u00b7e\u00b7s\/\" \/>\n<meta property=\"og:locale\" content=\"fr_FR\" \/>\n<meta property=\"og:type\" content=\"article\" \/>\n<meta property=\"og:title\" content=\"Adh\u00e9rer aux Jeunes Vert\u00b7e\u00b7s - Jeunes Vert\u00b7e\u00b7s Vaudois\u00b7e\u00b7s\" \/>\n<meta property=\"og:description\" content=\"Devenez membres des Jeunes Verts Vous pouvez \u00e9galement nous contacter \u00e0 l&#8217;adresse suivante : jeunesverts.vd(at)gmail.com\u00a0 La cotisation pour une ann\u00e9e se monte \u00e0 15.- Vous pouvez aussi nous faire un don, qui sera grandement appr\u00e9ci\u00e9 lors de la mise sur pied d&#8217;une de nos actions, avec les coordonn\u00e9es bancaires suivantes (d&#8217;avance un grand MERCI !)\u00a0: &hellip; La suite &rarr;\" \/>\n<meta property=\"og:url\" content=\"http:\/\/www.verts-vd.ch\/jeunesverts\/adherer-aux-jeunes-vert\u00b7e\u00b7s\/\" \/>\n<meta property=\"og:site_name\" content=\"Jeunes Vert\u00b7e\u00b7s Vaudois\u00b7e\u00b7s\" \/>\n<meta property=\"article:modified_time\" content=\"2017-08-25T13:12:20+00:00\" \/>\n<meta name=\"twitter:card\" content=\"summary_large_image\" \/>\n<meta name=\"twitter:label1\" content=\"Dur\u00e9e de lecture est.\">\n\t<meta name=\"twitter:data1\" content=\"0 minute\">\n<script type=\"application\/ld+json\" class=\"yoast-schema-graph\">{\"@context\":\"https:\/\/schema.org\",\"@graph\":[{\"@type\":\"WebSite\",\"@id\":\"https:\/\/www.verts-vd.ch\/jeunesverts\/#website\",\"url\":\"https:\/\/www.verts-vd.ch\/jeunesverts\/\",\"name\":\"Jeunes Vert\\u00b7e\\u00b7s Vaudois\\u00b7e\\u00b7s\",\"description\":\"\",\"potentialAction\":[{\"@type\":\"SearchAction\",\"target\":\"https:\/\/www.verts-vd.ch\/jeunesverts\/?s={search_term_string}\",\"query-input\":\"required name=search_term_string\"}],\"inLanguage\":\"fr-FR\"},{\"@type\":\"WebPage\",\"@id\":\"http:\/\/www.verts-vd.ch\/jeunesverts\/adherer-aux-jeunes-vert%c2%b7e%c2%b7s\/#webpage\",\"url\":\"http:\/\/www.verts-vd.ch\/jeunesverts\/adherer-aux-jeunes-vert%c2%b7e%c2%b7s\/\",\"name\":\"Adh\\u00e9rer aux Jeunes Vert\\u00b7e\\u00b7s - Jeunes Vert\\u00b7e\\u00b7s Vaudois\\u00b7e\\u00b7s\",\"isPartOf\":{\"@id\":\"https:\/\/www.verts-vd.ch\/jeunesverts\/#website\"},\"datePublished\":\"2015-06-24T14:03:37+00:00\",\"dateModified\":\"2017-08-25T13:12:20+00:00\",\"inLanguage\":\"fr-FR\",\"potentialAction\":[{\"@type\":\"ReadAction\",\"target\":[\"http:\/\/www.verts-vd.ch\/jeunesverts\/adherer-aux-jeunes-vert%c2%b7e%c2%b7s\/\"]}]}]}<\/script>\n<!-- \/ Yoast SEO plugin. -->","jetpack_shortlink":"https:\/\/wp.me\/P6KFv1-r","_links":{"self":[{"href":"https:\/\/www.verts-vd.ch\/jeunesverts\/wp-json\/wp\/v2\/pages\/27"}],"collection":[{"href":"https:\/\/www.verts-vd.ch\/jeunesverts\/wp-json\/wp\/v2\/pages"}],"about":[{"href":"https:\/\/www.verts-vd.ch\/jeunesverts\/wp-json\/wp\/v2\/types\/page"}],"author":[{"embeddable":true,"href":"https:\/\/www.verts-vd.ch\/jeunesverts\/wp-json\/wp\/v2\/users\/5"}],"replies":[{"embeddable":true,"href":"https:\/\/www.verts-vd.ch\/jeunesverts\/wp-json\/wp\/v2\/comments?post=27"}],"version-history":[{"count":7,"href":"https:\/\/www.verts-vd.ch\/jeunesverts\/wp-json\/wp\/v2\/pages\/27\/revisions"}],"predecessor-version":[{"id":191,"href":"https:\/\/www.verts-vd.ch\/jeunesverts\/wp-json\/wp\/v2\/pages\/27\/revisions\/191"}],"wp:attachment":[{"href":"https:\/\/www.verts-vd.ch\/jeunesverts\/wp-json\/wp\/v2\/media?parent=27"}],"curies":[{"name":"wp","href":"https:\/\/api.w.org\/{rel}","templated":true}]}}