{"id":11,"date":"2015-06-24T14:47:19","date_gmt":"2015-06-24T13:47:19","guid":{"rendered":"http:\/\/www.verts-vd.ch\/jeunesverts\/?page_id=11"},"modified":"2015-06-27T22:03:33","modified_gmt":"2015-06-27T21:03:33","slug":"organisation","status":"publish","type":"page","link":"https:\/\/www.verts-vd.ch\/jeunesverts\/organisation\/","title":{"rendered":"Organisation"},"content":{"rendered":"<h1>Les Jeunes Verts vaudois croissent bio<\/h1>\n<p>Les Jeunes Verts vaudois s&#8217;activent en coop\u00e9ration avec l&#8217;\u00e9quipe fa\u00eeti\u00e8re suisse, tout en lan\u00e7ant ses propres initiatives locales, pour bousculer le mode de vie actuel totalement non durable.<\/p>\n<p>Les Jeunes Verts suisses militent pour l&#8217;application du d\u00e9veloppement durable (pr\u00e9servation de l&#8217;environnement, sobri\u00e9t\u00e9 \u00e9nerg\u00e9tique, mobilit\u00e9 douce, etc), pour le pacifisme, pour une mondialisation \u00e9quitable et pour l&#8217;\u00e9galit\u00e9 des chances pour toutes et tous.<\/p>\n<h3>Que faisons-nous ?<\/h3>\n<p>Nous prenons activement part \u00e0 la campagne pour les diff\u00e9rentes votations, \u00e0 travers la distribution de tracts, l&#8217;organisation de d\u00e9bats etc.<\/p>\n<p>Nous participons activement \u00e0 la r\u00e9colte de signatures pour diff\u00e9rentes initiatives.<\/p>\n<p>Nous organisons plusieurs d\u00e9bats sur des sujets d&#8217;actualit\u00e9,<\/p>\n<p>Nous organisons une journ\u00e9e &#8220;nettoyage intensif de la for\u00eat&#8221; dans une for\u00eat aux abords de Lausanne,<\/p>\n<p>Nous participons \u00e0 l&#8217;organisation du festival du film vert.<\/p>\n<h3><\/h3>\n<!-- AddThis Advanced Settings generic via filter on the_content --><!-- AddThis Share Buttons generic via filter on the_content -->","protected":false},"excerpt":{"rendered":"<p>Les Jeunes Verts vaudois croissent bio Les Jeunes Verts vaudois s&#8217;activent en coop\u00e9ration avec l&#8217;\u00e9quipe fa\u00eeti\u00e8re suisse, tout en lan\u00e7ant ses propres initiatives locales, pour bousculer le mode de vie actuel totalement non durable. Les Jeunes Verts suisses militent pour l&#8217;application du d\u00e9veloppement durable (pr\u00e9servation de l&#8217;environnement, sobri\u00e9t\u00e9 \u00e9nerg\u00e9tique, mobilit\u00e9 douce, etc), pour le pacifisme, &hellip; <a href=\"https:\/\/www.verts-vd.ch\/jeunesverts\/organisation\/\" class=\"more-link\">La suite <span class=\"meta-nav\">&rarr;<\/span><\/a><!-- AddThis Advanced Settings generic via filter on wp_trim_excerpt --><!-- AddThis Share Buttons generic via filter on wp_trim_excerpt --><\/p>\n","protected":false},"author":5,"featured_media":0,"parent":0,"menu_order":0,"comment_status":"open","ping_status":"open","template":"","meta":{"spay_email":""},"yoast_head":"<!-- This site is optimized with the Yoast SEO plugin v15.5 - https:\/\/yoast.com\/wordpress\/plugins\/seo\/ -->\n<meta name=\"robots\" content=\"index, follow, max-snippet:-1, max-image-preview:large, max-video-preview:-1\" \/>\n<link rel=\"canonical\" href=\"http:\/\/www.verts-vd.ch\/jeunesverts\/organisation\/\" \/>\n<meta property=\"og:locale\" content=\"fr_FR\" \/>\n<meta property=\"og:type\" content=\"article\" \/>\n<meta property=\"og:title\" content=\"Organisation - Jeunes Vert\u00b7e\u00b7s Vaudois\u00b7e\u00b7s\" \/>\n<meta property=\"og:description\" content=\"Les Jeunes Verts vaudois croissent bio Les Jeunes Verts vaudois s&#8217;activent en coop\u00e9ration avec l&#8217;\u00e9quipe fa\u00eeti\u00e8re suisse, tout en lan\u00e7ant ses propres initiatives locales, pour bousculer le mode de vie actuel totalement non durable. Les Jeunes Verts suisses militent pour l&#8217;application du d\u00e9veloppement durable (pr\u00e9servation de l&#8217;environnement, sobri\u00e9t\u00e9 \u00e9nerg\u00e9tique, mobilit\u00e9 douce, etc), pour le pacifisme, &hellip; La suite &rarr;\" \/>\n<meta property=\"og:url\" content=\"http:\/\/www.verts-vd.ch\/jeunesverts\/organisation\/\" \/>\n<meta property=\"og:site_name\" content=\"Jeunes Vert\u00b7e\u00b7s Vaudois\u00b7e\u00b7s\" \/>\n<meta property=\"article:modified_time\" content=\"2015-06-27T21:03:33+00:00\" \/>\n<meta name=\"twitter:card\" content=\"summary_large_image\" \/>\n<meta name=\"twitter:label1\" content=\"Dur\u00e9e de lecture est.\">\n\t<meta name=\"twitter:data1\" content=\"1 minute\">\n<script type=\"application\/ld+json\" class=\"yoast-schema-graph\">{\"@context\":\"https:\/\/schema.org\",\"@graph\":[{\"@type\":\"WebSite\",\"@id\":\"http:\/\/www.verts-vd.ch\/jeunesverts\/#website\",\"url\":\"http:\/\/www.verts-vd.ch\/jeunesverts\/\",\"name\":\"Jeunes Vert\\u00b7e\\u00b7s Vaudois\\u00b7e\\u00b7s\",\"description\":\"\",\"potentialAction\":[{\"@type\":\"SearchAction\",\"target\":\"http:\/\/www.verts-vd.ch\/jeunesverts\/?s={search_term_string}\",\"query-input\":\"required name=search_term_string\"}],\"inLanguage\":\"fr-FR\"},{\"@type\":\"WebPage\",\"@id\":\"http:\/\/www.verts-vd.ch\/jeunesverts\/organisation\/#webpage\",\"url\":\"http:\/\/www.verts-vd.ch\/jeunesverts\/organisation\/\",\"name\":\"Organisation - Jeunes Vert\\u00b7e\\u00b7s Vaudois\\u00b7e\\u00b7s\",\"isPartOf\":{\"@id\":\"http:\/\/www.verts-vd.ch\/jeunesverts\/#website\"},\"datePublished\":\"2015-06-24T13:47:19+00:00\",\"dateModified\":\"2015-06-27T21:03:33+00:00\",\"inLanguage\":\"fr-FR\",\"potentialAction\":[{\"@type\":\"ReadAction\",\"target\":[\"http:\/\/www.verts-vd.ch\/jeunesverts\/organisation\/\"]}]}]}<\/script>\n<!-- \/ Yoast SEO plugin. -->","jetpack_shortlink":"https:\/\/wp.me\/P6KFv1-b","_links":{"self":[{"href":"https:\/\/www.verts-vd.ch\/jeunesverts\/wp-json\/wp\/v2\/pages\/11"}],"collection":[{"href":"https:\/\/www.verts-vd.ch\/jeunesverts\/wp-json\/wp\/v2\/pages"}],"about":[{"href":"https:\/\/www.verts-vd.ch\/jeunesverts\/wp-json\/wp\/v2\/types\/page"}],"author":[{"embeddable":true,"href":"https:\/\/www.verts-vd.ch\/jeunesverts\/wp-json\/wp\/v2\/users\/5"}],"replies":[{"embeddable":true,"href":"https:\/\/www.verts-vd.ch\/jeunesverts\/wp-json\/wp\/v2\/comments?post=11"}],"version-history":[{"count":3,"href":"https:\/\/www.verts-vd.ch\/jeunesverts\/wp-json\/wp\/v2\/pages\/11\/revisions"}],"predecessor-version":[{"id":21,"href":"https:\/\/www.verts-vd.ch\/jeunesverts\/wp-json\/wp\/v2\/pages\/11\/revisions\/21"}],"wp:attachment":[{"href":"https:\/\/www.verts-vd.ch\/jeunesverts\/wp-json\/wp\/v2\/media?parent=11"}],"curies":[{"name":"wp","href":"https:\/\/api.w.org\/{rel}","templated":true}]}}